{"id":16500,"date":"2022-12-09T14:30:17","date_gmt":"2022-12-09T14:30:17","guid":{"rendered":"https:\/\/werkenbijplukonbe.byteffekt-dev.nl\/declaration-de-confidentialite\/"},"modified":"2025-03-21T10:37:30","modified_gmt":"2025-03-21T10:37:30","slug":"declaration-de-confidentialite","status":"publish","type":"page","link":"https:\/\/werkenbijplukon.be\/fr\/declaration-de-confidentialite\/","title":{"rendered":"D\u00e9claration de confidentialit\u00e9"},"content":{"rendered":"\t\t<div data-elementor-type=\"wp-page\" data-elementor-id=\"16500\" class=\"elementor elementor-16500 elementor-1530\" data-elementor-post-type=\"page\">\n\t\t\t\t\t\t\t\t\t<section class=\"elementor-section elementor-top-section elementor-element elementor-element-721768a elementor-section-full_width elementor-section-height-default elementor-section-height-default\" data-id=\"721768a\" data-element_type=\"section\">\n\t\t\t\t\t\t<div class=\"elementor-container elementor-column-gap-default\">\n\t\t\t\t\t<div class=\"elementor-column elementor-col-100 elementor-top-column elementor-element elementor-element-9ca37b1\" data-id=\"9ca37b1\" data-element_type=\"column\">\n\t\t\t<div class=\"elementor-widget-wrap elementor-element-populated\">\n\t\t\t\t\t\t\t\t<div class=\"elementor-element elementor-element-eefb7a0 elementor-widget elementor-widget-image\" data-id=\"eefb7a0\" data-element_type=\"widget\" data-widget_type=\"image.default\">\n\t\t\t\t<div class=\"elementor-widget-container\">\n\t\t\t\t\t\t\t\t\t\t\t\t\t\t\t<img fetchpriority=\"high\" decoding=\"async\" width=\"3360\" height=\"800\" src=\"https:\/\/werkenbijplukon.be\/wp-content\/uploads\/2022\/11\/vacatures.png\" class=\"attachment-full size-full wp-image-136\" alt=\"\" srcset=\"https:\/\/werkenbijplukon.be\/wp-content\/uploads\/2022\/11\/vacatures.png 3360w, https:\/\/werkenbijplukon.be\/wp-content\/uploads\/2022\/11\/vacatures-300x71.png 300w, https:\/\/werkenbijplukon.be\/wp-content\/uploads\/2022\/11\/vacatures-1024x244.png 1024w, https:\/\/werkenbijplukon.be\/wp-content\/uploads\/2022\/11\/vacatures-768x183.png 768w, https:\/\/werkenbijplukon.be\/wp-content\/uploads\/2022\/11\/vacatures-1536x366.png 1536w, https:\/\/werkenbijplukon.be\/wp-content\/uploads\/2022\/11\/vacatures-2048x488.png 2048w\" sizes=\"(max-width: 3360px) 100vw, 3360px\" \/>\t\t\t\t\t\t\t\t\t\t\t\t\t\t\t<\/div>\n\t\t\t\t<\/div>\n\t\t\t\t\t<\/div>\n\t\t<\/div>\n\t\t\t\t\t\t\t<\/div>\n\t\t<\/section>\n\t\t\t\t<section class=\"elementor-section elementor-top-section elementor-element elementor-element-fd99eac elementor-section-boxed elementor-section-height-default elementor-section-height-default\" data-id=\"fd99eac\" data-element_type=\"section\">\n\t\t\t\t\t\t<div class=\"elementor-container elementor-column-gap-default\">\n\t\t\t\t\t<div class=\"elementor-column elementor-col-100 elementor-top-column elementor-element elementor-element-34ae438\" data-id=\"34ae438\" data-element_type=\"column\">\n\t\t\t<div class=\"elementor-widget-wrap elementor-element-populated\">\n\t\t\t\t\t\t\t\t<div class=\"elementor-element elementor-element-ddfc8c2 elementor-widget elementor-widget-breadcrumbs\" data-id=\"ddfc8c2\" data-element_type=\"widget\" data-widget_type=\"breadcrumbs.default\">\n\t\t\t\t<div class=\"elementor-widget-container\">\n\t\t\t<p id=\"breadcrumbs\"><span><span><a href=\"https:\/\/werkenbijplukon.be\/fr\/\">Home<\/a><\/span><\/span><\/p>\t\t<\/div>\n\t\t\t\t<\/div>\n\t\t\t\t<div class=\"elementor-element elementor-element-6326891 elementor-widget elementor-widget-heading\" data-id=\"6326891\" data-element_type=\"widget\" data-widget_type=\"heading.default\">\n\t\t\t\t<div class=\"elementor-widget-container\">\n\t\t\t<h1 class=\"elementor-heading-title elementor-size-default\">D\u00e9claration de confidentialit\u00e9<\/h1>\t\t<\/div>\n\t\t\t\t<\/div>\n\t\t\t\t\t<\/div>\n\t\t<\/div>\n\t\t\t\t\t\t\t<\/div>\n\t\t<\/section>\n\t\t\t\t<section class=\"elementor-section elementor-top-section elementor-element elementor-element-ff38c48 elementor-section-boxed elementor-section-height-default elementor-section-height-default\" data-id=\"ff38c48\" data-element_type=\"section\">\n\t\t\t\t\t\t<div class=\"elementor-container elementor-column-gap-default\">\n\t\t\t\t\t<div class=\"elementor-column elementor-col-50 elementor-top-column elementor-element elementor-element-42a2499\" data-id=\"42a2499\" data-element_type=\"column\">\n\t\t\t<div class=\"elementor-widget-wrap elementor-element-populated\">\n\t\t\t\t\t\t\t\t<div class=\"elementor-element elementor-element-e38ca08 elementor-hidden-mobile elementor-widget elementor-widget-text-editor\" data-id=\"e38ca08\" data-element_type=\"widget\" data-widget_type=\"text-editor.default\">\n\t\t\t\t<div class=\"elementor-widget-container\">\n\t\t\t\t\t\t\t<section>La pr\u00e9sente constitue la d\u00e9claration de confidentialit\u00e9 de Plukon Food Group B.V., soci\u00e9t\u00e9 ayant son si\u00e8ge social \u00e0 Industrieweg 36, 8091 AZ Wezep (Pays-Bas), enregistr\u00e9e \u00e0 la Chambre de Commerce N\u00e9erlandaise sous le num\u00e9ro 30244837 (ci-apr\u00e8s d\u00e9nomm\u00e9e \u00ab <strong><u>Plukon<\/u><\/strong> \u00bb). La pr\u00e9sente d\u00e9claration de confidentialit\u00e9 s\u2019applique \u00e9galement \u00e0 toutes les filiales Belges de Plukon. <p>Que vous le sachiez ou non, vous partagez vos donn\u00e9es \u00e0 caract\u00e8re personnel avec nous. Nous avons \u00e0 c\u0153ur de traiter vos donn\u00e9es \u00e0 caract\u00e8re personnel avec le plus grand soin. Avec la pr\u00e9sente d\u00e9claration de confidentialit\u00e9, nous souhaitons vous expliquer comment nous g\u00e9rons vos donn\u00e9es \u00e0 caract\u00e8re personnel et quels sont vos droits \u00e0 cet \u00e9gard. Si vous avez la moindre question \u00e0 nous poser concernant la pr\u00e9sente d\u00e9claration de confidentialit\u00e9, n\u2019h\u00e9sitez pas \u00e0 nous contacter par e-mail : <a href=\"mailto:privacy@plukon.nl\">privacy@plukon.nl<\/a>   <\/p><p>Le tableau ci-dessous vous montre quelles donn\u00e9es \u00e0 caract\u00e8re personnel nous recueillons et vous explique pourquoi nous les recueillons et combien de temps nous les stockons :<\/p><table style=\"height: 1670px;\" width=\"691\"><tbody><tr><td width=\"138\"><strong>Finalit\u00e9<\/strong><\/td><td width=\"120\"><strong>Quelles donn\u00e9es \u00e0 caract\u00e8re personnel<\/strong><\/td><td width=\"114\"><strong>Fondement<\/strong><\/td><td width=\"126\"><strong>D\u00e9lai de conservation<\/strong><\/td><\/tr><tr><td width=\"138\"><strong> <\/strong><\/td><td width=\"120\"><strong> <\/strong><\/td><td width=\"114\"><strong> <\/strong><\/td><td width=\"126\"><strong> <\/strong><\/td><\/tr><tr><td width=\"138\">Traitement de demandes d\u2019emploi<\/td><td width=\"120\"><ul><li>Pr\u00e9nom<\/li><li>Nom de famille<\/li><li>Coordonn\u00e9es de la personne \u00e0 contacter<\/li><li>Donn\u00e9es ci-dessus concernant les parents\/tuteurs\/responsables des demandeurs mineurs<\/li><li>Autres donn\u00e9es personnelles fournies par le candidat lui-m\u00eame dans le cadre de la candidature, telles que<\/li><li>D\u00e9tails de la formation, des cours et des stages suivis et \u00e0 suivre ;<\/li><li>D\u00e9tails du poste ou de l&rsquo;ancien poste, ainsi que la nature, le contenu et la fin de l&#8217;emploi<\/li><li>R\u00e9f\u00e9rences \u00e9ventuelles d&#8217;employeurs pr\u00e9c\u00e9dents<\/li><\/ul><\/td><td width=\"114\"><p>Int\u00e9r\u00eat l\u00e9gitime de Plukon<\/p><p>La communication de vos donn\u00e9es personnelles n&rsquo;est pas obligatoire, mais si vous ne les fournissez pas, Plukon ne sera pas en mesure d&rsquo;\u00e9valuer suffisamment votre candidature et celle-ci pourrait ne pas \u00eatre prise en consid\u00e9ration.<\/p><p>Si Plukon et vous souhaitez conclure un contrat de travail, votre nom, vos coordonn\u00e9es, votre adresse, votre lieu de r\u00e9sidence et votre date de naissance seront trait\u00e9s dans le but d&rsquo;\u00e9tablir le contrat de travail.<\/p><\/td><td width=\"126\"><p><em>Si le candidat n&rsquo;est pas engag\u00e9 :<\/em><\/p><p>Jusqu&rsquo;\u00e0 4 semaines apr\u00e8s l&rsquo;ach\u00e8vement de la proc\u00e9dure de demande,<\/p><p>Ou bien :<\/p><p>Si le candidat autorise Plukon \u00e0 conserver les donn\u00e9es plus longtemps (par exemple, s&rsquo;il est pr\u00e9vu qu&rsquo;un autre poste convenant au candidat sera disponible dans un avenir proche), un maximum d&rsquo;un an.<\/p><p><em>Si le candidat est embauch\u00e9 :<\/em><\/p><p>Au moins jusqu&rsquo;\u00e0 la fin de l&#8217;emploi, conform\u00e9ment aux p\u00e9riodes de conservation l\u00e9gales et aux obligations de conservation des donn\u00e9es personnelles des employ\u00e9s.<\/p><\/td><\/tr><tr><td width=\"138\">Traiter les questions, les commentaires et les plaintes en utilisant le formulaire de contact sur le site web de Plukon.<\/td><td width=\"120\"><ul><li>Pr\u00e9nom<\/li><li>Nom de famille<\/li><li>Adresse \u00e9lectronique<\/li><li>Num\u00e9ro de t\u00e9l\u00e9phone (mobile)<\/li><\/ul><\/td><td width=\"114\"><p>Int\u00e9r\u00eat l\u00e9gitime de Plukon<\/p><p>La fourniture de vos donn\u00e9es personnelles n&rsquo;est pas obligatoire, mais si vous ne les fournissez pas, Plukon ne sera pas en mesure de vous contacter pour r\u00e9pondre \u00e0 votre question, commentaire ou plainte.<\/p><\/td><td width=\"126\">Jusqu&rsquo;\u00e0 un maximum de 3 mois apr\u00e8s le traitement de la question, du commentaire ou de la plainte.<\/td><\/tr><tr><td width=\"138\">Traiter les questions, les commentaires et les plaintes par l&rsquo;interm\u00e9diaire des canaux de m\u00e9dias sociaux, tels que Facebook<\/td><td width=\"120\"><ul><li>D\u00e9tails du compte<\/li><\/ul><\/td><td width=\"114\"><p>Int\u00e9r\u00eat l\u00e9gitime de Plukon<\/p><p>La fourniture de vos donn\u00e9es personnelles n&rsquo;est pas obligatoire, mais si vous ne les fournissez pas, Plukon ne sera pas en mesure de vous contacter pour r\u00e9pondre \u00e0 votre question, commentaire ou plainte.<\/p><\/td><td width=\"126\">Jusqu&rsquo;\u00e0 un maximum de 3 mois apr\u00e8s le traitement de la question, du commentaire ou de la plainte.<\/td><\/tr><\/tbody><\/table><p>La fourniture des donn\u00e9es \u00e0 caract\u00e8re personnel d\u00e9crites dans le tableau ci-dessus n&rsquo;est pas fond\u00e9e sur une obligation contractuelle ou l\u00e9gale et n&rsquo;est pas non plus une condition n\u00e9cessaire \u00e0 l&rsquo;ex\u00e9cution d&rsquo;un accord.<\/p><p><strong>Cookies<br><\/strong>Nous pouvons utiliser des cookies pour traiter vos donn\u00e9es personnelles. Vous trouverez plus d&rsquo;informations \u00e0 ce sujet dans notre politique en mati\u00e8re de cookies. <\/p><p><strong>Transmission de donn\u00e9es personnelles \u00e0 des tiers<br><\/strong>Sans votre autorisation, Plukon ne transmettra vos donn\u00e9es personnelles \u00e0 des tiers que si Plukon est l\u00e9galement oblig\u00e9 de transmettre vos donn\u00e9es personnelles \u00e0 ces tiers ou si Plukon a un int\u00e9r\u00eat justifi\u00e9 \u00e0 le faire. Nous pouvons impliquer des tiers dans l&rsquo;ex\u00e9cution de nos services. Ces tiers sont nos sous-traitants et ne traitent donc les donn\u00e9es personnelles que pour le compte de Plukon. L&rsquo;administrateur de notre site web en est un exemple.   <\/p><p><strong><em>Candidats<br><\/em><\/strong>Diverses agences de travail temporaire travaillent pour Plukon. Si vous postulez \u00e0 un emploi chez Plukon, il se peut que l&rsquo;on vous demande si nous pouvons partager vos donn\u00e9es avec une agence de travail temporaire. Nous ne transmettons vos donn\u00e9es personnelles \u00e0 une agence d&rsquo;int\u00e9rim qu&rsquo;apr\u00e8s avoir obtenu votre accord.  <\/p><p><strong>Inspection, correction et suppression des donn\u00e9es personnelles<br><\/strong>Vous avez le droit de nous demander :<\/p><ul><li>donner acc\u00e8s \u00e0 vos donn\u00e9es personnelles (telles que votre adresse ou votre num\u00e9ro de t\u00e9l\u00e9phone),<\/li><li>faire compl\u00e9ter, corriger ou supprimer vos donn\u00e9es personnelles (telles que votre adresse ou votre num\u00e9ro de t\u00e9l\u00e9phone) ;<\/li><li>s&rsquo;opposer au traitement de vos donn\u00e9es personnelles ;<\/li><li>limiter vos donn\u00e9es \u00e0 caract\u00e8re personnel ; et\/ou<\/li><li>transf\u00e9rer vos donn\u00e9es \u00e0 caract\u00e8re personnel \u00e0 vous-m\u00eame ou \u00e0 un tiers.<\/li><\/ul><p>Ces droits ne sont pas absolus. Nous \u00e9valuerons votre demande conform\u00e9ment \u00e0 la loi sur la protection des donn\u00e9es ou, \u00e0 partir du 25 mai 2018, au r\u00e8glement g\u00e9n\u00e9ral sur la protection des donn\u00e9es. Nous vous fournirons des informations sur les mesures que nous avons prises en r\u00e9ponse \u00e0 votre demande dans les meilleurs d\u00e9lais et, en tout \u00e9tat de cause, dans un d\u00e9lai d&rsquo;un mois \u00e0 compter de la r\u00e9ception de votre demande. Nous pouvons prolonger ce d\u00e9lai de deux mois en raison de la complexit\u00e9 de votre demande ou du nombre de demandes que nous recevons. Dans ce cas, nous vous en informerons.    <\/p><p><strong>S\u00e9curisation des donn\u00e9es personnelles<br><\/strong>Plukon prend des mesures appropri\u00e9es pour s\u00e9curiser vos donn\u00e9es personnelles contre la perte, l&rsquo;acc\u00e8s non autoris\u00e9, la publication et le traitement ill\u00e9gal. Nous veillons par exemple \u00e0 ce que seules les personnes n\u00e9cessaires aient acc\u00e8s \u00e0 vos donn\u00e9es, \u00e0 ce que l&rsquo;acc\u00e8s aux donn\u00e9es personnelles soit prot\u00e9g\u00e9 et \u00e0 ce que nos mesures de s\u00e9curit\u00e9 soient r\u00e9guli\u00e8rement v\u00e9rifi\u00e9es. <\/p><p><strong>Liens vers d&rsquo;autres sites web<br><\/strong>Le site web peut contenir des liens vers d&rsquo;autres sites web. La pr\u00e9sente d\u00e9claration de confidentialit\u00e9 ne s&rsquo;applique qu&rsquo;aux sites web de Plukon. D&rsquo;autres sites web peuvent avoir leur propre politique de confidentialit\u00e9. Plukon vous conseille de toujours consulter la d\u00e9claration de confidentialit\u00e9 de ces sites web avant d&rsquo;utiliser d&rsquo;autres sites web.   <\/p><p><strong>Modification de la politique de confidentialit\u00e9<br><\/strong>Plukon met \u00e0 jour sa politique de confidentialit\u00e9 de temps \u00e0 autre. Les sites web comprendront toujours la version la plus r\u00e9cente de notre d\u00e9claration de confidentialit\u00e9. Plukon vous conseille donc de consulter r\u00e9guli\u00e8rement la d\u00e9claration de confidentialit\u00e9. En cas de changements importants, Plukon s&rsquo;efforcera de vous en informer correctement via le site web.   <\/p><p><strong>Coordonn\u00e9es<br><\/strong>Si vous avez des questions concernant le traitement de vos donn\u00e9es personnelles ou si vous souhaitez demander \u00e0 Plukon d&rsquo;inspecter, de corriger et\/ou de supprimer vos donn\u00e9es personnelles, veuillez nous contacter en utilisant les coordonn\u00e9es ci-dessous :<br>Contr\u00f4leur : M. Brett J. Bos &#8211; Directeur des affaires juridiques<br>E-mail : <a href=\"mailto:privacy@plukon.nl\">privacy@plukon.nl<\/a>  <\/p><p>Responsable de la protection des donn\u00e9es : Harrie Groen<br>E-mail : <a title=\"mailto:dpo@plukon.nl\" href=\"mailto:dpo@plukon.nl\" target=\"_blank\" rel=\"noopener\">dpo@plukon.nl<\/a><\/p><p><strong>Plainte concernant le traitement de vos donn\u00e9es personnelles<br><\/strong>Bien entendu, nous sommes \u00e9galement \u00e0 votre disposition si vous avez une plainte concernant le traitement de vos donn\u00e9es personnelles. En vertu de la LVP, vous avez \u00e9galement le droit de d\u00e9poser une plainte aupr\u00e8s de l&rsquo;Autorit\u00e9 de protection des donn\u00e9es (APD) concernant le traitement de vos donn\u00e9es \u00e0 caract\u00e8re personnel. Vous pouvez contacter l&rsquo;autorit\u00e9 de protection des donn\u00e9es \u00e0 cette fin.  <\/p><\/section>\t\t\t\t\t\t<\/div>\n\t\t\t\t<\/div>\n\t\t\t\t<div class=\"elementor-element elementor-element-f0be712 elementor-hidden-desktop elementor-hidden-tablet elementor-widget elementor-widget-text-editor\" data-id=\"f0be712\" data-element_type=\"widget\" data-widget_type=\"text-editor.default\">\n\t\t\t\t<div class=\"elementor-widget-container\">\n\t\t\t\t\t\t\t<section>Ceci est la d\u00e9claration de confidentialit\u00e9 en vertu du droit belge de Plukon Food Group B.V., situ\u00e9 Industrieweg 36, 8091 AZ Wezep (Pays-Bas) et enregistr\u00e9 au registre du commerce de la Chambre de Commerce sous le num\u00e9ro 30255837, ci-apr\u00e8s d\u00e9nomm\u00e9 \u00ab\u00a0Plukon\u00a0\u00bb.<strong><u>Plukon\u00a0\u00bb.<\/u><\/strong>. Cette d\u00e9claration de confidentialit\u00e9 s&rsquo;applique \u00e9galement \u00e0 toutes les filiales belges de Plukon.Consciemment ou non, vous nous communiquez des donn\u00e9es personnelles. Nous estimons qu&rsquo;il est important que vos donn\u00e9es personnelles soient trait\u00e9es avec soin. C&rsquo;est pourquoi nous vous expliquons dans cette d\u00e9claration comment nous traitons vos donn\u00e9es personnelles et quels sont vos droits. Si vous avez des questions \u00e0 la suite de la lecture de cette d\u00e9claration, n&rsquo;h\u00e9sitez pas \u00e0 les envoyer par courrier \u00e9lectronique \u00e0 l&rsquo;adresse suivante :      <a href=\"mailto:privacy@plukon.nl\">privacy@plukon.nl<\/a><p>Le tableau ci-dessous vous permet de savoir rapidement et facilement dans quel but nous collectons vos donn\u00e9es personnelles et pendant combien de temps nous les conservons.<\/p><table style=\"width: 100%; border-collapse: collapse;\"><tbody><tr><td><strong>Finalit\u00e9<\/strong><\/td><td><strong>Quelles donn\u00e9es personnelles<\/strong><\/td><\/tr><tr><td>Traitement d&rsquo;une demande<\/td><td><ul><li>Pr\u00e9nom<\/li><li>Nom de famille<\/li><li>Coordonn\u00e9es de la personne \u00e0 contacter<\/li><li>Donn\u00e9es susmentionn\u00e9es des parents\/tuteurs\/responsables des demandeurs mineurs<\/li><li>Autres donn\u00e9es personnelles fournies par le candidat lui-m\u00eame dans le cadre de la candidature, telles que<\/li><li>D\u00e9tails de la formation, des cours et des stages suivis et \u00e0 suivre ;<\/li><li>D\u00e9tails du poste ou de l&rsquo;ancien poste, ainsi que la nature, le contenu et la fin de l&#8217;emploi<\/li><li>R\u00e9f\u00e9rences \u00e9ventuelles d&#8217;employeurs pr\u00e9c\u00e9dents<\/li><\/ul><\/td><\/tr><tr><td><strong>Base<\/strong><\/td><td><strong>P\u00e9riode de conservation<\/strong><\/td><\/tr><tr><td>Int\u00e9r\u00eat l\u00e9gitime de Plukon<\/td><td><em>Si le candidat n&rsquo;est pas engag\u00e9 :<\/em><p>Jusqu&rsquo;\u00e0 4 semaines apr\u00e8s la fin de la proc\u00e9dure de candidature, ou&#8230;<\/p><\/td><\/tr><tr><td><strong>Finalit\u00e9<\/strong><\/td><td><strong>Quelles donn\u00e9es personnelles<\/strong><\/td><\/tr><tr><td>Traiter les questions, les commentaires et les plaintes en utilisant le formulaire de contact sur le site web de Plukon.<\/td><td><ul><li>Pr\u00e9nom<\/li><li>Nom de famille<\/li><li>Adresse \u00e9lectronique<\/li><li>Num\u00e9ro de t\u00e9l\u00e9phone (mobile)<\/li><\/ul><\/td><\/tr><tr><td><strong>Base<\/strong><\/td><td><strong>P\u00e9riode de conservation<\/strong><\/td><\/tr><tr><td>Int\u00e9r\u00eat l\u00e9gitime de Plukon<\/td><td>Jusqu&rsquo;\u00e0 un maximum de 3 mois apr\u00e8s le traitement de la question, du commentaire ou de la plainte.<\/td><\/tr><tr><td><strong>Finalit\u00e9<\/strong><\/td><td><strong>Quelles donn\u00e9es personnelles<\/strong><\/td><\/tr><tr><td>Traiter les questions, les commentaires et les plaintes par l&rsquo;interm\u00e9diaire des m\u00e9dias sociaux, tels que Facebook.<\/td><td><ul><li>D\u00e9tails du compte<\/li><\/ul><\/td><\/tr><tr><td><strong>Base<\/strong><\/td><td><strong>P\u00e9riode de conservation<\/strong><\/td><\/tr><tr><td>Int\u00e9r\u00eat l\u00e9gitime de Plukon<\/td><td>Jusqu&rsquo;\u00e0 un maximum de 3 mois apr\u00e8s le traitement de la question, du commentaire ou de la plainte.<\/td><\/tr><\/tbody><\/table><p><br>La fourniture des donn\u00e9es \u00e0 caract\u00e8re personnel d\u00e9crites dans le tableau ci-dessus n&rsquo;est ni fond\u00e9e sur une obligation contractuelle ou l\u00e9gale, ni une condition n\u00e9cessaire \u00e0 l&rsquo;ex\u00e9cution d&rsquo;un accord.<\/p><p><strong>Cookies<br><\/strong>Nous pouvons utiliser des cookies pour traiter vos donn\u00e9es personnelles. Vous trouverez plus d&rsquo;informations \u00e0 ce sujet dans notre politique en mati\u00e8re de cookies. <\/p><p><strong>Transmission de donn\u00e9es personnelles \u00e0 des tiers<br><\/strong>Sans votre autorisation, Plukon ne transmettra vos donn\u00e9es personnelles \u00e0 des tiers que si Plukon est l\u00e9galement oblig\u00e9 de transmettre vos donn\u00e9es personnelles \u00e0 ces tiers ou si Plukon a un int\u00e9r\u00eat justifi\u00e9 \u00e0 le faire. Nous pouvons impliquer des tiers dans l&rsquo;ex\u00e9cution de nos services. Ces tiers sont nos sous-traitants et ne traitent donc les donn\u00e9es personnelles que pour le compte de Plukon. L&rsquo;administrateur de notre site web en est un exemple.   <\/p><p><strong><em>Candidats<br><\/em><\/strong>Plusieurs agences de travail temporaire travaillent pour Plukon. Si vous postulez \u00e0 un emploi chez Plukon, il se peut que l&rsquo;on vous demande si nous pouvons partager vos donn\u00e9es avec une agence d&rsquo;int\u00e9rim. Nous ne partageons vos donn\u00e9es personnelles avec une agence d&rsquo;int\u00e9rim qu&rsquo;apr\u00e8s avoir obtenu votre accord.  <\/p><p><strong>Inspection, correction et suppression des donn\u00e9es personnelles<br><\/strong>Vous avez le droit de nous demander :<\/p><ul><li>donner acc\u00e8s \u00e0 vos donn\u00e9es personnelles (telles que votre adresse ou votre num\u00e9ro de t\u00e9l\u00e9phone),<\/li><li>faire compl\u00e9ter, corriger ou supprimer vos donn\u00e9es personnelles (telles que votre adresse ou votre num\u00e9ro de t\u00e9l\u00e9phone) ;<\/li><li>s&rsquo;opposer au traitement de vos donn\u00e9es personnelles ;<\/li><li>limiter vos donn\u00e9es \u00e0 caract\u00e8re personnel ; et\/ou<\/li><li>transf\u00e9rer vos donn\u00e9es \u00e0 caract\u00e8re personnel \u00e0 vous-m\u00eame ou \u00e0 un tiers.<\/li><\/ul><p>Ces droits ne sont pas absolus. Nous \u00e9valuerons votre demande conform\u00e9ment \u00e0 la loi sur la protection des donn\u00e9es ou, \u00e0 partir du 25 mai 2018, au r\u00e8glement g\u00e9n\u00e9ral sur la protection des donn\u00e9es. Nous vous fournirons des informations sur les mesures que nous avons prises en r\u00e9ponse \u00e0 votre demande dans les meilleurs d\u00e9lais, mais en tout \u00e9tat de cause dans un d\u00e9lai d&rsquo;un mois \u00e0 compter de la r\u00e9ception de votre demande. Nous pouvons prolonger ce d\u00e9lai de deux mois en raison de la complexit\u00e9 de votre demande ou du nombre de demandes que nous recevons. Dans ce cas, nous vous en informerons.    <\/p><p><strong>S\u00e9curisation des donn\u00e9es personnelles<br><\/strong>Plukon prend des mesures appropri\u00e9es pour s\u00e9curiser vos donn\u00e9es personnelles contre la perte, l&rsquo;acc\u00e8s non autoris\u00e9, la publication et le traitement ill\u00e9gal. Nous veillons par exemple \u00e0 ce que seules les personnes n\u00e9cessaires aient acc\u00e8s \u00e0 vos donn\u00e9es, \u00e0 ce que l&rsquo;acc\u00e8s aux donn\u00e9es personnelles soit prot\u00e9g\u00e9 et \u00e0 ce que nos mesures de s\u00e9curit\u00e9 soient r\u00e9guli\u00e8rement v\u00e9rifi\u00e9es. <\/p><p><strong>Liens vers d&rsquo;autres sites web<br><\/strong>Le site web peut contenir des liens vers d&rsquo;autres sites web. La pr\u00e9sente d\u00e9claration de confidentialit\u00e9 ne s&rsquo;applique qu&rsquo;aux sites web de Plukon. D&rsquo;autres sites web peuvent avoir leur propre politique de confidentialit\u00e9. Plukon vous conseille de toujours consulter la d\u00e9claration de confidentialit\u00e9 de ces sites web avant d&rsquo;utiliser d&rsquo;autres sites web.   <\/p><p><strong>Modification de la politique de confidentialit\u00e9<br><\/strong>Plukon met \u00e0 jour sa politique de confidentialit\u00e9 de temps \u00e0 autre. Les sites web comprendront toujours la version la plus r\u00e9cente de notre d\u00e9claration de confidentialit\u00e9. Plukon vous conseille donc de consulter r\u00e9guli\u00e8rement la d\u00e9claration de confidentialit\u00e9. En cas de changements importants, Plukon s&rsquo;efforcera de vous en informer correctement via le site web.   <\/p><p><strong>Coordonn\u00e9es<br><\/strong>Si vous avez des questions concernant le traitement de vos donn\u00e9es personnelles ou si vous souhaitez demander \u00e0 Plukon d&rsquo;inspecter, de corriger et\/ou de supprimer vos donn\u00e9es personnelles, veuillez nous contacter en utilisant les coordonn\u00e9es ci-dessous :<br>Contr\u00f4leur : M. Brett J. Bos &#8211; Directeur des affaires juridiques<br>E-mail : <a href=\"mailto:privacy@plukon.nl\">privacy@plukon.nl<\/a>  <\/p><p>Responsable de la protection des donn\u00e9es : Harrie Groen<br>E-mail : <a title=\"mailto:dpo@plukon.nl\" href=\"mailto:dpo@plukon.nl\" target=\"_blank\" rel=\"noopener\">dpo@plukon.nl<\/a><\/p><p><strong>Plainte concernant le traitement de vos donn\u00e9es personnelles<br><\/strong>Bien entendu, nous nous tenons \u00e0 votre disposition pour toute plainte concernant le traitement de vos donn\u00e9es personnelles. En vertu de la LVP, vous avez \u00e9galement le droit de d\u00e9poser une plainte aupr\u00e8s de l&rsquo;Autorit\u00e9 de protection des donn\u00e9es (APD) concernant le traitement de vos donn\u00e9es \u00e0 caract\u00e8re personnel. Vous pouvez contacter l&rsquo;autorit\u00e9 de protection des donn\u00e9es \u00e0 cette fin.  <\/p><\/section>\t\t\t\t\t\t<\/div>\n\t\t\t\t<\/div>\n\t\t\t\t\t<\/div>\n\t\t<\/div>\n\t\t\t\t<div class=\"elementor-column elementor-col-50 elementor-top-column elementor-element elementor-element-e42e500 elementor-hidden-tablet\" data-id=\"e42e500\" data-element_type=\"column\">\n\t\t\t<div class=\"elementor-widget-wrap\">\n\t\t\t\t\t\t\t\t\t<\/div>\n\t\t<\/div>\n\t\t\t\t\t\t\t<\/div>\n\t\t<\/section>\n\t\t\t\t\t\t\t<\/div>\n\t\t","protected":false},"excerpt":{"rendered":"<p>D\u00e9claration de confidentialit\u00e9 La pr\u00e9sente constitue la d\u00e9claration de confidentialit\u00e9 de Plukon Food Group B.V., soci\u00e9t\u00e9 ayant son si\u00e8ge social \u00e0 Industrieweg 36, 8091 AZ Wezep (Pays-Bas), enregistr\u00e9e \u00e0 la Chambre de Commerce N\u00e9erlandaise sous le num\u00e9ro 30244837 (ci-apr\u00e8s d\u00e9nomm\u00e9e \u00ab Plukon \u00bb). La pr\u00e9sente d\u00e9claration de confidentialit\u00e9 s\u2019applique \u00e9galement \u00e0 toutes les filiales Belges [&hellip;]<\/p>\n","protected":false},"author":1,"featured_media":0,"parent":0,"menu_order":0,"comment_status":"closed","ping_status":"closed","template":"","meta":{"footnotes":""},"class_list":["post-16500","page","type-page","status-publish","hentry"],"acf":[],"yoast_head":"<!-- This site is optimized with the Yoast SEO plugin v27.4 - https:\/\/yoast.com\/product\/yoast-seo-wordpress\/ -->\n<title>D\u00e9claration de confidentialit\u00e9 - Werken bij Plukon<\/title>\n<meta name=\"description\" content=\"Nous pensons qu&#039;il est important que vos donn\u00e9es personnelles soient trait\u00e9es avec soin. Veuillez lire notre d\u00e9claration sur cette page.\" \/>\n<meta name=\"robots\" content=\"index, follow, max-snippet:-1, max-image-preview:large, max-video-preview:-1\" \/>\n<link rel=\"canonical\" href=\"https:\/\/werkenbijplukon.be\/fr\/declaration-de-confidentialite\/\" \/>\n<meta property=\"og:locale\" content=\"fr_FR\" \/>\n<meta property=\"og:type\" content=\"article\" \/>\n<meta property=\"og:title\" content=\"D\u00e9claration de confidentialit\u00e9 - Werken bij Plukon\" \/>\n<meta property=\"og:description\" content=\"Nous pensons qu&#039;il est important que vos donn\u00e9es personnelles soient trait\u00e9es avec soin. Veuillez lire notre d\u00e9claration sur cette page.\" \/>\n<meta property=\"og:url\" content=\"https:\/\/werkenbijplukon.be\/fr\/declaration-de-confidentialite\/\" \/>\n<meta property=\"og:site_name\" content=\"Werken bij Plukon\" \/>\n<meta property=\"article:modified_time\" content=\"2025-03-21T10:37:30+00:00\" \/>\n<meta property=\"og:image\" content=\"https:\/\/werkenbijplukon.be\/wp-content\/uploads\/2022\/11\/vacatures.png\" \/>\n<meta name=\"twitter:card\" content=\"summary_large_image\" \/>\n<meta name=\"twitter:label1\" content=\"Dur\u00e9e de lecture estim\u00e9e\" \/>\n\t<meta name=\"twitter:data1\" content=\"12 minutes\" \/>\n<script type=\"application\/ld+json\" class=\"yoast-schema-graph\">{\"@context\":\"https:\\\/\\\/schema.org\",\"@graph\":[{\"@type\":\"WebPage\",\"@id\":\"https:\\\/\\\/werkenbijplukon.be\\\/fr\\\/declaration-de-confidentialite\\\/\",\"url\":\"https:\\\/\\\/werkenbijplukon.be\\\/fr\\\/declaration-de-confidentialite\\\/\",\"name\":\"D\u00e9claration de confidentialit\u00e9 - Werken bij Plukon\",\"isPartOf\":{\"@id\":\"https:\\\/\\\/werkenbijplukon.be\\\/fr\\\/#website\"},\"primaryImageOfPage\":{\"@id\":\"https:\\\/\\\/werkenbijplukon.be\\\/fr\\\/declaration-de-confidentialite\\\/#primaryimage\"},\"image\":{\"@id\":\"https:\\\/\\\/werkenbijplukon.be\\\/fr\\\/declaration-de-confidentialite\\\/#primaryimage\"},\"thumbnailUrl\":\"https:\\\/\\\/werkenbijplukon.be\\\/wp-content\\\/uploads\\\/2022\\\/11\\\/vacatures.png\",\"datePublished\":\"2022-12-09T14:30:17+00:00\",\"dateModified\":\"2025-03-21T10:37:30+00:00\",\"description\":\"Nous pensons qu'il est important que vos donn\u00e9es personnelles soient trait\u00e9es avec soin. Veuillez lire notre d\u00e9claration sur cette page.\",\"breadcrumb\":{\"@id\":\"https:\\\/\\\/werkenbijplukon.be\\\/fr\\\/declaration-de-confidentialite\\\/#breadcrumb\"},\"inLanguage\":\"fr-FR\",\"potentialAction\":[{\"@type\":\"ReadAction\",\"target\":[\"https:\\\/\\\/werkenbijplukon.be\\\/fr\\\/declaration-de-confidentialite\\\/\"]}]},{\"@type\":\"ImageObject\",\"inLanguage\":\"fr-FR\",\"@id\":\"https:\\\/\\\/werkenbijplukon.be\\\/fr\\\/declaration-de-confidentialite\\\/#primaryimage\",\"url\":\"https:\\\/\\\/werkenbijplukon.be\\\/wp-content\\\/uploads\\\/2022\\\/11\\\/vacatures.png\",\"contentUrl\":\"https:\\\/\\\/werkenbijplukon.be\\\/wp-content\\\/uploads\\\/2022\\\/11\\\/vacatures.png\"},{\"@type\":\"BreadcrumbList\",\"@id\":\"https:\\\/\\\/werkenbijplukon.be\\\/fr\\\/declaration-de-confidentialite\\\/#breadcrumb\",\"itemListElement\":[{\"@type\":\"ListItem\",\"position\":1,\"name\":\"Home\",\"item\":\"https:\\\/\\\/werkenbijplukon.be\\\/fr\\\/\"},{\"@type\":\"ListItem\",\"position\":2,\"name\":\"D\u00e9claration de confidentialit\u00e9\"}]},{\"@type\":\"WebSite\",\"@id\":\"https:\\\/\\\/werkenbijplukon.be\\\/fr\\\/#website\",\"url\":\"https:\\\/\\\/werkenbijplukon.be\\\/fr\\\/\",\"name\":\"Werken bij Plukon\",\"description\":\"\",\"publisher\":{\"@id\":\"https:\\\/\\\/werkenbijplukon.be\\\/fr\\\/#organization\"},\"potentialAction\":[{\"@type\":\"SearchAction\",\"target\":{\"@type\":\"EntryPoint\",\"urlTemplate\":\"https:\\\/\\\/werkenbijplukon.be\\\/fr\\\/?s={search_term_string}\"},\"query-input\":{\"@type\":\"PropertyValueSpecification\",\"valueRequired\":true,\"valueName\":\"search_term_string\"}}],\"inLanguage\":\"fr-FR\"},{\"@type\":\"Organization\",\"@id\":\"https:\\\/\\\/werkenbijplukon.be\\\/fr\\\/#organization\",\"name\":\"Werken bij Plukon\",\"url\":\"https:\\\/\\\/werkenbijplukon.be\\\/fr\\\/\",\"logo\":{\"@type\":\"ImageObject\",\"inLanguage\":\"fr-FR\",\"@id\":\"https:\\\/\\\/werkenbijplukon.be\\\/fr\\\/#\\\/schema\\\/logo\\\/image\\\/\",\"url\":\"https:\\\/\\\/werkenbijplukon.be\\\/wp-content\\\/uploads\\\/2023\\\/01\\\/Plukon.svg\",\"contentUrl\":\"https:\\\/\\\/werkenbijplukon.be\\\/wp-content\\\/uploads\\\/2023\\\/01\\\/Plukon.svg\",\"caption\":\"Werken bij Plukon\"},\"image\":{\"@id\":\"https:\\\/\\\/werkenbijplukon.be\\\/fr\\\/#\\\/schema\\\/logo\\\/image\\\/\"},\"sameAs\":[\"https:\\\/\\\/www.linkedin.com\\\/company\\\/plukonfoodgroup\\\/\"]}]}<\/script>\n<!-- \/ Yoast SEO plugin. -->","yoast_head_json":{"title":"D\u00e9claration de confidentialit\u00e9 - Werken bij Plukon","description":"Nous pensons qu'il est important que vos donn\u00e9es personnelles soient trait\u00e9es avec soin. Veuillez lire notre d\u00e9claration sur cette page.","robots":{"index":"index","follow":"follow","max-snippet":"max-snippet:-1","max-image-preview":"max-image-preview:large","max-video-preview":"max-video-preview:-1"},"canonical":"https:\/\/werkenbijplukon.be\/fr\/declaration-de-confidentialite\/","og_locale":"fr_FR","og_type":"article","og_title":"D\u00e9claration de confidentialit\u00e9 - Werken bij Plukon","og_description":"Nous pensons qu'il est important que vos donn\u00e9es personnelles soient trait\u00e9es avec soin. Veuillez lire notre d\u00e9claration sur cette page.","og_url":"https:\/\/werkenbijplukon.be\/fr\/declaration-de-confidentialite\/","og_site_name":"Werken bij Plukon","article_modified_time":"2025-03-21T10:37:30+00:00","og_image":[{"url":"https:\/\/werkenbijplukon.be\/wp-content\/uploads\/2022\/11\/vacatures.png","type":"","width":"","height":""}],"twitter_card":"summary_large_image","twitter_misc":{"Dur\u00e9e de lecture estim\u00e9e":"12 minutes"},"schema":{"@context":"https:\/\/schema.org","@graph":[{"@type":"WebPage","@id":"https:\/\/werkenbijplukon.be\/fr\/declaration-de-confidentialite\/","url":"https:\/\/werkenbijplukon.be\/fr\/declaration-de-confidentialite\/","name":"D\u00e9claration de confidentialit\u00e9 - Werken bij Plukon","isPartOf":{"@id":"https:\/\/werkenbijplukon.be\/fr\/#website"},"primaryImageOfPage":{"@id":"https:\/\/werkenbijplukon.be\/fr\/declaration-de-confidentialite\/#primaryimage"},"image":{"@id":"https:\/\/werkenbijplukon.be\/fr\/declaration-de-confidentialite\/#primaryimage"},"thumbnailUrl":"https:\/\/werkenbijplukon.be\/wp-content\/uploads\/2022\/11\/vacatures.png","datePublished":"2022-12-09T14:30:17+00:00","dateModified":"2025-03-21T10:37:30+00:00","description":"Nous pensons qu'il est important que vos donn\u00e9es personnelles soient trait\u00e9es avec soin. Veuillez lire notre d\u00e9claration sur cette page.","breadcrumb":{"@id":"https:\/\/werkenbijplukon.be\/fr\/declaration-de-confidentialite\/#breadcrumb"},"inLanguage":"fr-FR","potentialAction":[{"@type":"ReadAction","target":["https:\/\/werkenbijplukon.be\/fr\/declaration-de-confidentialite\/"]}]},{"@type":"ImageObject","inLanguage":"fr-FR","@id":"https:\/\/werkenbijplukon.be\/fr\/declaration-de-confidentialite\/#primaryimage","url":"https:\/\/werkenbijplukon.be\/wp-content\/uploads\/2022\/11\/vacatures.png","contentUrl":"https:\/\/werkenbijplukon.be\/wp-content\/uploads\/2022\/11\/vacatures.png"},{"@type":"BreadcrumbList","@id":"https:\/\/werkenbijplukon.be\/fr\/declaration-de-confidentialite\/#breadcrumb","itemListElement":[{"@type":"ListItem","position":1,"name":"Home","item":"https:\/\/werkenbijplukon.be\/fr\/"},{"@type":"ListItem","position":2,"name":"D\u00e9claration de confidentialit\u00e9"}]},{"@type":"WebSite","@id":"https:\/\/werkenbijplukon.be\/fr\/#website","url":"https:\/\/werkenbijplukon.be\/fr\/","name":"Werken bij Plukon","description":"","publisher":{"@id":"https:\/\/werkenbijplukon.be\/fr\/#organization"},"potentialAction":[{"@type":"SearchAction","target":{"@type":"EntryPoint","urlTemplate":"https:\/\/werkenbijplukon.be\/fr\/?s={search_term_string}"},"query-input":{"@type":"PropertyValueSpecification","valueRequired":true,"valueName":"search_term_string"}}],"inLanguage":"fr-FR"},{"@type":"Organization","@id":"https:\/\/werkenbijplukon.be\/fr\/#organization","name":"Werken bij Plukon","url":"https:\/\/werkenbijplukon.be\/fr\/","logo":{"@type":"ImageObject","inLanguage":"fr-FR","@id":"https:\/\/werkenbijplukon.be\/fr\/#\/schema\/logo\/image\/","url":"https:\/\/werkenbijplukon.be\/wp-content\/uploads\/2023\/01\/Plukon.svg","contentUrl":"https:\/\/werkenbijplukon.be\/wp-content\/uploads\/2023\/01\/Plukon.svg","caption":"Werken bij Plukon"},"image":{"@id":"https:\/\/werkenbijplukon.be\/fr\/#\/schema\/logo\/image\/"},"sameAs":["https:\/\/www.linkedin.com\/company\/plukonfoodgroup\/"]}]}},"_links":{"self":[{"href":"https:\/\/werkenbijplukon.be\/fr\/wp-json\/wp\/v2\/pages\/16500","targetHints":{"allow":["GET"]}}],"collection":[{"href":"https:\/\/werkenbijplukon.be\/fr\/wp-json\/wp\/v2\/pages"}],"about":[{"href":"https:\/\/werkenbijplukon.be\/fr\/wp-json\/wp\/v2\/types\/page"}],"author":[{"embeddable":true,"href":"https:\/\/werkenbijplukon.be\/fr\/wp-json\/wp\/v2\/users\/1"}],"replies":[{"embeddable":true,"href":"https:\/\/werkenbijplukon.be\/fr\/wp-json\/wp\/v2\/comments?post=16500"}],"version-history":[{"count":1,"href":"https:\/\/werkenbijplukon.be\/fr\/wp-json\/wp\/v2\/pages\/16500\/revisions"}],"predecessor-version":[{"id":16501,"href":"https:\/\/werkenbijplukon.be\/fr\/wp-json\/wp\/v2\/pages\/16500\/revisions\/16501"}],"wp:attachment":[{"href":"https:\/\/werkenbijplukon.be\/fr\/wp-json\/wp\/v2\/media?parent=16500"}],"curies":[{"name":"wp","href":"https:\/\/api.w.org\/{rel}","templated":true}]}}